{"id":89225,"date":"2021-02-01T10:04:36","date_gmt":"2021-02-01T09:04:36","guid":{"rendered":"https:\/\/daristoteles.com\/portfolio\/produccio\/"},"modified":"2021-02-11T08:00:54","modified_gmt":"2021-02-11T07:00:54","slug":"produccio","status":"publish","type":"portfolio","link":"https:\/\/daristoteles.com\/ca\/portfolio\/produccio\/","title":{"rendered":"Producci\u00f3"},"content":{"rendered":"<div class=\"wpb-content-wrapper\"><p>[vc_row row_height_percent=\u00bb0&#8243; override_padding=\u00bbyes\u00bb h_padding=\u00bb2&#8243; top_padding=\u00bb3&#8243; bottom_padding=\u00bb3&#8243; back_color=\u00bbcolor-632047&#8243; overlay_alpha=\u00bb50&#8243; gutter_size=\u00bb3&#8243; column_width_percent=\u00bb100&#8243; shift_y=\u00bb0&#8243; z_index=\u00bb0&#8243;][vc_column column_width_percent=\u00bb100&#8243; gutter_size=\u00bb3&#8243; style=\u00bbdark\u00bb overlay_alpha=\u00bb50&#8243; shift_x=\u00bb0&#8243; shift_y=\u00bb0&#8243; shift_y_down=\u00bb0&#8243; z_index=\u00bb0&#8243; medium_width=\u00bb0&#8243; mobile_width=\u00bb0&#8243; width=\u00bb1\/1&#8243;][vc_custom_heading text_weight=\u00bb600&#8243; text_height=\u00bbfontheight-578034&#8243; text_space=\u00bbfontspace-781688&#8243; sub_lead=\u00bbyes\u00bb sub_reduced=\u00bbyes\u00bb subheading=\u00bb\u2013 Benjamin Franklin\u00bb]\u00bbDigues-me i ho oblido, ensenya-me&#8217;n i ho recordo, involucra-m&#8217;hi i ho aprenc.\u00bb[\/vc_custom_heading][\/vc_column][\/vc_row][vc_row unlock_row_content=\u00bbyes\u00bb row_height_percent=\u00bb0&#8243; override_padding=\u00bbyes\u00bb h_padding=\u00bb1&#8243; top_padding=\u00bb1&#8243; bottom_padding=\u00bb1&#8243; overlay_alpha=\u00bb50&#8243; gutter_size=\u00bb3&#8243; column_width_percent=\u00bb100&#8243; shift_y=\u00bb0&#8243; z_index=\u00bb0&#8243;][vc_column width=\u00bb1\/1&#8243;][vc_gallery el_id=\u00bbgallery-348911&#8243; medias=\u00bb87971,87970,87915,87896,87894,87892,87880,87878,87877,87876,87875,87872&#8243; gutter_size=\u00bb1&#8243; media_items=\u00bbmedia|lightbox|original\u00bb screen_lg=\u00bb1000&#8243; screen_md=\u00bb600&#8243; screen_sm=\u00bb480&#8243; single_width=\u00bb3&#8243; images_size=\u00bbsixteen-nine\u00bb single_overlay_opacity=\u00bb50&#8243; single_padding=\u00bb2&#8243;][\/vc_column][\/vc_row]<\/p>\n<\/div>","protected":false},"excerpt":{"rendered":"<p>Producci\u00f3 audiovisual \u00e9s la producci\u00f3 de continguts per a mitjans de comunicaci\u00f3 audiovisuals; especialment el cinema i la televisi\u00f3; independentment de el suport utilitzat (film, v\u00eddeo, v\u00eddeo digital) i de l&#8217;g\u00e8nere (ficci\u00f3, documental, publicitat, etc\u00e8tera). En relaci\u00f3 amb la creaci\u00f3 audiovisual, la producci\u00f3 audiovisual \u00e9s el resultat de la combinaci\u00f3 de diverses necessitats: industrials, comercials, d&#8217;entreteniment, culturals o art\u00edstiques. Despr\u00e9s de totes aquestes necessitats existeix sempre, a parts iguals pel que fa a import\u00e0ncia es realitza, una inversi\u00f3 de capital, una barreja de treball i recursos t\u00e8cnics i un pla organitzatiu. \u00c9s a aquesta planificaci\u00f3 a la qual es coneix, tant en el m\u00f3n de la ind\u00fastria cinematogr\u00e0fica com en el de la ind\u00fastria televisiva, com producci\u00f3 audiovisual. A causa de la import\u00e0ncia de el proc\u00e9s de producci\u00f3, la manera d&#8217;organitzar-ser\u00e0 primordial per a l&#8217;\u00e8xit o frac\u00e0s de l&#8217;obra. Pel que fa a la producci\u00f3, les difer\u00e8ncies entre l&#8217;empresa audiovisual i empreses que actuen en altres sectors s\u00f3n m\u00ednimes.<\/p>\n","protected":false},"author":1,"featured_media":87870,"parent":0,"menu_order":0,"comment_status":"open","ping_status":"closed","template":"","meta":{"rs_blank_template":"","rs_page_bg_color":"","slide_template_v7":"","footnotes":""},"portfolio_category":[187],"class_list":["post-89225","portfolio","type-portfolio","status-publish","has-post-thumbnail","hentry","portfolio_category-formacio"],"yoast_head":"<!-- This site is optimized with the Yoast SEO plugin v28.3 - https:\/\/yoast.com\/product\/yoast-seo-wordpress\/ -->\n<title>Producci\u00f3 - Daristoteles<\/title>\n<meta name=\"robots\" content=\"index, follow, max-snippet:-1, max-image-preview:large, max-video-preview:-1\" \/>\n<link rel=\"canonical\" href=\"https:\/\/daristoteles.com\/ca\/portfolio\/produccio\/\" \/>\n<meta property=\"og:locale\" content=\"ca_ES\" \/>\n<meta property=\"og:type\" content=\"article\" \/>\n<meta property=\"og:title\" content=\"Producci\u00f3 - Daristoteles\" \/>\n<meta property=\"og:description\" content=\"Producci\u00f3 audiovisual \u00e9s la producci\u00f3 de continguts per a mitjans de comunicaci\u00f3 audiovisuals; especialment el cinema i la televisi\u00f3; independentment de el suport utilitzat (film, v\u00eddeo, v\u00eddeo digital) i de l&#039;g\u00e8nere (ficci\u00f3, documental, publicitat, etc\u00e8tera). En relaci\u00f3 amb la creaci\u00f3 audiovisual, la producci\u00f3 audiovisual \u00e9s el resultat de la combinaci\u00f3 de diverses necessitats: industrials, comercials, d&#039;entreteniment, culturals o art\u00edstiques. Despr\u00e9s de totes aquestes necessitats existeix sempre, a parts iguals pel que fa a import\u00e0ncia es realitza, una inversi\u00f3 de capital, una barreja de treball i recursos t\u00e8cnics i un pla organitzatiu. \u00c9s a aquesta planificaci\u00f3 a la qual es coneix, tant en el m\u00f3n de la ind\u00fastria cinematogr\u00e0fica com en el de la ind\u00fastria televisiva, com producci\u00f3 audiovisual. A causa de la import\u00e0ncia de el proc\u00e9s de producci\u00f3, la manera d&#039;organitzar-ser\u00e0 primordial per a l&#039;\u00e8xit o frac\u00e0s de l&#039;obra. Pel que fa a la producci\u00f3, les difer\u00e8ncies entre l&#039;empresa audiovisual i empreses que actuen en altres sectors s\u00f3n m\u00ednimes.\" \/>\n<meta property=\"og:url\" content=\"https:\/\/daristoteles.com\/ca\/portfolio\/produccio\/\" \/>\n<meta property=\"og:site_name\" content=\"Daristoteles\" \/>\n<meta property=\"article:modified_time\" content=\"2021-02-11T07:00:54+00:00\" \/>\n<meta property=\"og:image\" content=\"https:\/\/daristoteles.com\/wp-content\/uploads\/2020\/11\/daristoteles-produccion.jpg\" \/>\n\t<meta property=\"og:image:width\" content=\"2000\" \/>\n\t<meta property=\"og:image:height\" content=\"1551\" \/>\n\t<meta property=\"og:image:type\" content=\"image\/jpeg\" \/>\n<meta name=\"twitter:card\" content=\"summary_large_image\" \/>\n<meta name=\"twitter:label1\" content=\"Temps estimat de lectura\" \/>\n\t<meta name=\"twitter:data1\" content=\"1 minut\" \/>\n<script type=\"application\/ld+json\" class=\"yoast-schema-graph\">{\"@context\":\"https:\\\/\\\/schema.org\",\"@graph\":[{\"@type\":\"WebPage\",\"@id\":\"https:\\\/\\\/daristoteles.com\\\/ca\\\/portfolio\\\/produccio\\\/\",\"url\":\"https:\\\/\\\/daristoteles.com\\\/ca\\\/portfolio\\\/produccio\\\/\",\"name\":\"Producci\u00f3 - Daristoteles\",\"isPartOf\":{\"@id\":\"https:\\\/\\\/daristoteles.com\\\/ca\\\/#website\"},\"primaryImageOfPage\":{\"@id\":\"https:\\\/\\\/daristoteles.com\\\/ca\\\/portfolio\\\/produccio\\\/#primaryimage\"},\"image\":{\"@id\":\"https:\\\/\\\/daristoteles.com\\\/ca\\\/portfolio\\\/produccio\\\/#primaryimage\"},\"thumbnailUrl\":\"https:\\\/\\\/daristoteles.com\\\/wp-content\\\/uploads\\\/2020\\\/11\\\/daristoteles-produccion.jpg\",\"datePublished\":\"2021-02-01T09:04:36+00:00\",\"dateModified\":\"2021-02-11T07:00:54+00:00\",\"breadcrumb\":{\"@id\":\"https:\\\/\\\/daristoteles.com\\\/ca\\\/portfolio\\\/produccio\\\/#breadcrumb\"},\"inLanguage\":\"ca\",\"potentialAction\":[{\"@type\":\"ReadAction\",\"target\":[\"https:\\\/\\\/daristoteles.com\\\/ca\\\/portfolio\\\/produccio\\\/\"]}]},{\"@type\":\"ImageObject\",\"inLanguage\":\"ca\",\"@id\":\"https:\\\/\\\/daristoteles.com\\\/ca\\\/portfolio\\\/produccio\\\/#primaryimage\",\"url\":\"https:\\\/\\\/daristoteles.com\\\/wp-content\\\/uploads\\\/2020\\\/11\\\/daristoteles-produccion.jpg\",\"contentUrl\":\"https:\\\/\\\/daristoteles.com\\\/wp-content\\\/uploads\\\/2020\\\/11\\\/daristoteles-produccion.jpg\",\"width\":2000,\"height\":1551},{\"@type\":\"BreadcrumbList\",\"@id\":\"https:\\\/\\\/daristoteles.com\\\/ca\\\/portfolio\\\/produccio\\\/#breadcrumb\",\"itemListElement\":[{\"@type\":\"ListItem\",\"position\":1,\"name\":\"Portada\",\"item\":\"https:\\\/\\\/daristoteles.com\\\/ca\\\/\"},{\"@type\":\"ListItem\",\"position\":2,\"name\":\"Portfolio\",\"item\":\"https:\\\/\\\/daristoteles.com\\\/ca\\\/portfolio\\\/\"},{\"@type\":\"ListItem\",\"position\":3,\"name\":\"Producci\u00f3\"}]},{\"@type\":\"WebSite\",\"@id\":\"https:\\\/\\\/daristoteles.com\\\/ca\\\/#website\",\"url\":\"https:\\\/\\\/daristoteles.com\\\/ca\\\/\",\"name\":\"Daristoteles\",\"description\":\"Creative Films\",\"potentialAction\":[{\"@type\":\"SearchAction\",\"target\":{\"@type\":\"EntryPoint\",\"urlTemplate\":\"https:\\\/\\\/daristoteles.com\\\/ca\\\/?s={search_term_string}\"},\"query-input\":{\"@type\":\"PropertyValueSpecification\",\"valueRequired\":true,\"valueName\":\"search_term_string\"}}],\"inLanguage\":\"ca\"}]}<\/script>\n<!-- \/ Yoast SEO plugin. -->","yoast_head_json":{"title":"Producci\u00f3 - Daristoteles","robots":{"index":"index","follow":"follow","max-snippet":"max-snippet:-1","max-image-preview":"max-image-preview:large","max-video-preview":"max-video-preview:-1"},"canonical":"https:\/\/daristoteles.com\/ca\/portfolio\/produccio\/","og_locale":"ca_ES","og_type":"article","og_title":"Producci\u00f3 - Daristoteles","og_description":"Producci\u00f3 audiovisual \u00e9s la producci\u00f3 de continguts per a mitjans de comunicaci\u00f3 audiovisuals; especialment el cinema i la televisi\u00f3; independentment de el suport utilitzat (film, v\u00eddeo, v\u00eddeo digital) i de l'g\u00e8nere (ficci\u00f3, documental, publicitat, etc\u00e8tera). En relaci\u00f3 amb la creaci\u00f3 audiovisual, la producci\u00f3 audiovisual \u00e9s el resultat de la combinaci\u00f3 de diverses necessitats: industrials, comercials, d'entreteniment, culturals o art\u00edstiques. Despr\u00e9s de totes aquestes necessitats existeix sempre, a parts iguals pel que fa a import\u00e0ncia es realitza, una inversi\u00f3 de capital, una barreja de treball i recursos t\u00e8cnics i un pla organitzatiu. \u00c9s a aquesta planificaci\u00f3 a la qual es coneix, tant en el m\u00f3n de la ind\u00fastria cinematogr\u00e0fica com en el de la ind\u00fastria televisiva, com producci\u00f3 audiovisual. A causa de la import\u00e0ncia de el proc\u00e9s de producci\u00f3, la manera d'organitzar-ser\u00e0 primordial per a l'\u00e8xit o frac\u00e0s de l'obra. Pel que fa a la producci\u00f3, les difer\u00e8ncies entre l'empresa audiovisual i empreses que actuen en altres sectors s\u00f3n m\u00ednimes.","og_url":"https:\/\/daristoteles.com\/ca\/portfolio\/produccio\/","og_site_name":"Daristoteles","article_modified_time":"2021-02-11T07:00:54+00:00","og_image":[{"width":2000,"height":1551,"url":"https:\/\/daristoteles.com\/wp-content\/uploads\/2020\/11\/daristoteles-produccion.jpg","type":"image\/jpeg"}],"twitter_card":"summary_large_image","twitter_misc":{"Temps estimat de lectura":"1 minut"},"schema":{"@context":"https:\/\/schema.org","@graph":[{"@type":"WebPage","@id":"https:\/\/daristoteles.com\/ca\/portfolio\/produccio\/","url":"https:\/\/daristoteles.com\/ca\/portfolio\/produccio\/","name":"Producci\u00f3 - Daristoteles","isPartOf":{"@id":"https:\/\/daristoteles.com\/ca\/#website"},"primaryImageOfPage":{"@id":"https:\/\/daristoteles.com\/ca\/portfolio\/produccio\/#primaryimage"},"image":{"@id":"https:\/\/daristoteles.com\/ca\/portfolio\/produccio\/#primaryimage"},"thumbnailUrl":"https:\/\/daristoteles.com\/wp-content\/uploads\/2020\/11\/daristoteles-produccion.jpg","datePublished":"2021-02-01T09:04:36+00:00","dateModified":"2021-02-11T07:00:54+00:00","breadcrumb":{"@id":"https:\/\/daristoteles.com\/ca\/portfolio\/produccio\/#breadcrumb"},"inLanguage":"ca","potentialAction":[{"@type":"ReadAction","target":["https:\/\/daristoteles.com\/ca\/portfolio\/produccio\/"]}]},{"@type":"ImageObject","inLanguage":"ca","@id":"https:\/\/daristoteles.com\/ca\/portfolio\/produccio\/#primaryimage","url":"https:\/\/daristoteles.com\/wp-content\/uploads\/2020\/11\/daristoteles-produccion.jpg","contentUrl":"https:\/\/daristoteles.com\/wp-content\/uploads\/2020\/11\/daristoteles-produccion.jpg","width":2000,"height":1551},{"@type":"BreadcrumbList","@id":"https:\/\/daristoteles.com\/ca\/portfolio\/produccio\/#breadcrumb","itemListElement":[{"@type":"ListItem","position":1,"name":"Portada","item":"https:\/\/daristoteles.com\/ca\/"},{"@type":"ListItem","position":2,"name":"Portfolio","item":"https:\/\/daristoteles.com\/ca\/portfolio\/"},{"@type":"ListItem","position":3,"name":"Producci\u00f3"}]},{"@type":"WebSite","@id":"https:\/\/daristoteles.com\/ca\/#website","url":"https:\/\/daristoteles.com\/ca\/","name":"Daristoteles","description":"Creative Films","potentialAction":[{"@type":"SearchAction","target":{"@type":"EntryPoint","urlTemplate":"https:\/\/daristoteles.com\/ca\/?s={search_term_string}"},"query-input":{"@type":"PropertyValueSpecification","valueRequired":true,"valueName":"search_term_string"}}],"inLanguage":"ca"}]}},"_links":{"self":[{"href":"https:\/\/daristoteles.com\/ca\/wp-json\/wp\/v2\/portfolio\/89225","targetHints":{"allow":["GET"]}}],"collection":[{"href":"https:\/\/daristoteles.com\/ca\/wp-json\/wp\/v2\/portfolio"}],"about":[{"href":"https:\/\/daristoteles.com\/ca\/wp-json\/wp\/v2\/types\/portfolio"}],"author":[{"embeddable":true,"href":"https:\/\/daristoteles.com\/ca\/wp-json\/wp\/v2\/users\/1"}],"replies":[{"embeddable":true,"href":"https:\/\/daristoteles.com\/ca\/wp-json\/wp\/v2\/comments?post=89225"}],"version-history":[{"count":15,"href":"https:\/\/daristoteles.com\/ca\/wp-json\/wp\/v2\/portfolio\/89225\/revisions"}],"predecessor-version":[{"id":89537,"href":"https:\/\/daristoteles.com\/ca\/wp-json\/wp\/v2\/portfolio\/89225\/revisions\/89537"}],"wp:featuredmedia":[{"embeddable":true,"href":"https:\/\/daristoteles.com\/ca\/wp-json\/wp\/v2\/media\/87870"}],"wp:attachment":[{"href":"https:\/\/daristoteles.com\/ca\/wp-json\/wp\/v2\/media?parent=89225"}],"wp:term":[{"taxonomy":"portfolio_category","embeddable":true,"href":"https:\/\/daristoteles.com\/ca\/wp-json\/wp\/v2\/portfolio_category?post=89225"}],"curies":[{"name":"wp","href":"https:\/\/api.w.org\/{rel}","templated":true}]}}